{"id":504,"date":"2023-04-27T15:48:45","date_gmt":"2023-04-27T14:48:45","guid":{"rendered":"https:\/\/staging.microlabhard.com\/alfet\/assessoria-comptable\/"},"modified":"2023-05-10T10:41:16","modified_gmt":"2023-05-10T09:41:16","slug":"assessoria-comptable","status":"publish","type":"page","link":"https:\/\/alfet.es\/ca\/assessoria-comptable\/","title":{"rendered":"Assessoria Comptable"},"content":{"rendered":"<div class=\"wpb-content-wrapper\"><p>[vc_row full_width=&#8221;stretch_row&#8221; el_id=&#8221;assessoria-comptable&#8221; conditional_render=&#8221;%5B%7B%22value_role%22%3A%22administrator%22%7D%5D&#8221; css=&#8221;.vc_custom_1682594429828{padding-top: 50px !important;padding-bottom: 50px !important;}&#8221;][vc_column][vc_column_text]Com a assessoria comptable a Badalona sabem que perqu\u00e8 la comptabilitat sigui l&#8217;instrument de control i gesti\u00f3 tant de particulars com d&#8217;empresa, cal comptar amb professionals que s&#8217;encarreguen d&#8217;analitzar i interpretar la informaci\u00f3 rellevant que us ajudar\u00e0 en la presa de decisions.[\/vc_column_text][vc_row_inner css=&#8221;.vc_custom_1682671578195{margin-top: 30px !important;}&#8221; el_class=&#8221;mlh_globalbox asesoria-mini&#8221;][vc_column_inner width=&#8221;1\/2&#8243;][vc_custom_heading text=&#8221;Confecci\u00f3 llibres de Registre&#8221; font_container=&#8221;tag:h2|font_size:1.5em|text_align:left|color:%23ffffff|line_height:1.3&#8243; use_theme_fonts=&#8221;yes&#8221; font_weight=&#8221;300&#8243; css=&#8221;.vc_custom_1683033077714{margin-right: 0px !important;margin-bottom: 0px !important;margin-left: 0px !important;padding-top: 5px !important;padding-right: 15px !important;padding-bottom: 5px !important;padding-left: 15px !important;background-color: #00856c !important;}&#8221;][vc_column_text css=&#8221;.vc_custom_1682665922771{margin-bottom: 25px !important;}&#8221; el_class=&#8221;mlh_contservicio&#8221;]Per a aquelles entitats i persones f\u00edsiques que realitzen activitats econ\u00f2miques no mercantils i per a professionals que no estan obligats a portar una comptabilitat, confeccionem els llibres de registre que segons la legislaci\u00f3 fiscal estan obligats a fer:<\/p>\n<ul>\n<li>Confecci\u00f3 registres de vendes i ingressos<\/li>\n<li>Confecci\u00f3 registres de compres i despeses<\/li>\n<li>Confecci\u00f3 de registres b\u00e9ns d&#8217;inversi\u00f3<\/li>\n<li>Amortitzacions<\/li>\n<li>Obertura i tancament d&#8217;exercici<\/li>\n<\/ul>\n<p>&nbsp;[\/vc_column_text][\/vc_column_inner][vc_column_inner width=&#8221;1\/2&#8243;][vc_custom_heading text=&#8221;Elaboraci\u00f3 de la Comptabilitat&#8221; font_container=&#8221;tag:h2|font_size:1.5em|text_align:left|color:%23ffffff|line_height:1.3&#8243; use_theme_fonts=&#8221;yes&#8221; font_weight=&#8221;300&#8243; css=&#8221;.vc_custom_1683033085945{margin-right: 0px !important;margin-bottom: 0px !important;margin-left: 0px !important;padding-top: 5px !important;padding-right: 15px !important;padding-bottom: 5px !important;padding-left: 15px !important;background-color: #00856c !important;}&#8221;][vc_column_text css=&#8221;.vc_custom_1682665882553{margin-bottom: 25px !important;}&#8221; el_class=&#8221;mlh_contservicio&#8221;]Per a les empreses que aix\u00ed ho decideixin, ens encarreguem de dur a terme el proc\u00e9s comptable al complet.<\/p>\n<p><strong>SOCIETATS MERCANTILS:<\/strong><\/p>\n<ul>\n<li>Processament, revisi\u00f3 i posada al dia de comptabilitats<\/li>\n<li>Confecci\u00f3 de seients comptables, despeses, ingressos, b\u00e9ns dinversi\u00f3, moviments bancaris.<\/li>\n<li>An\u00e0lisi d&#8217;amortitzacions i previsions<\/li>\n<li>Balan\u00e7os a una data determinada<\/li>\n<li>Deterioraments i ajustaments comptables<\/li>\n<li>Obertures i tancaments d&#8217;exercicis comptables<\/li>\n<\/ul>\n<p>[\/vc_column_text][\/vc_column_inner][vc_column_inner width=&#8221;1\/3&#8243;][vc_custom_heading text=&#8221;Planificaci\u00f3&#8221; font_container=&#8221;tag:h2|font_size:1.5em|text_align:left|color:%23ffffff|line_height:1.3&#8243; use_theme_fonts=&#8221;yes&#8221; font_weight=&#8221;300&#8243; css=&#8221;.vc_custom_1683033026290{margin-right: 0px !important;margin-bottom: 0px !important;margin-left: 0px !important;padding-top: 5px !important;padding-right: 15px !important;padding-bottom: 5px !important;padding-left: 15px !important;background-color: #00856c !important;}&#8221;][vc_column_text css=&#8221;.vc_custom_1682665454140{margin-bottom: 25px !important;}&#8221; el_class=&#8221;mlh_contervicio_color&#8221;]Estudi i preparaci\u00f3 de les obligacions segons sigui empresa o persona f\u00edsica.[\/vc_column_text][\/vc_column_inner][vc_column_inner width=&#8221;1\/3&#8243;][vc_custom_heading text=&#8221;Estats Financers&#8221; font_container=&#8221;tag:h2|font_size:1.5em|text_align:left|color:%23ffffff|line_height:1.3&#8243; use_theme_fonts=&#8221;yes&#8221; font_weight=&#8221;300&#8243; css=&#8221;.vc_custom_1683033006122{margin-right: 0px !important;margin-bottom: 0px !important;margin-left: 0px !important;padding-top: 5px !important;padding-right: 15px !important;padding-bottom: 5px !important;padding-left: 15px !important;background-color: #00856c !important;}&#8221;][vc_column_text css=&#8221;.vc_custom_1682665442787{margin-bottom: 25px !important;}&#8221; el_class=&#8221;mlh_contervicio_color&#8221;]Gr\u00e0cies a la comptabilitzaci\u00f3 dels documents seguint la normativa del Pla general comptable, podem elaborar estats financers, que reflecteixen la situaci\u00f3 financera i els resultats econ\u00f2mics obtinguts per l&#8217;empresa.[\/vc_column_text][\/vc_column_inner][vc_column_inner width=&#8221;1\/3&#8243;][vc_custom_heading text=&#8221;Registre Mercantil&#8221; font_container=&#8221;tag:h2|font_size:1.5em|text_align:left|color:%23ffffff|line_height:1.3&#8243; use_theme_fonts=&#8221;yes&#8221; font_weight=&#8221;300&#8243; css=&#8221;.vc_custom_1683032993481{margin-right: 0px !important;margin-bottom: 0px !important;margin-left: 0px !important;padding-top: 5px !important;padding-right: 15px !important;padding-bottom: 5px !important;padding-left: 15px !important;background-color: #00856c !important;}&#8221;][vc_column_text css=&#8221;.vc_custom_1682665435049{margin-bottom: 25px !important;}&#8221; el_class=&#8221;mlh_contervicio_color&#8221;]Preparaci\u00f3 i legalitzaci\u00f3 al Registre Mercantil, dels documents que componen els llibres oficials:<\/p>\n<p><strong>LLIBRES OFICIALS<\/strong>: Llibre diari, inventaris i comptes anuals.[\/vc_column_text][\/vc_column_inner][vc_column_inner][vc_custom_heading text=&#8221;Comptes Anuals&#8221; font_container=&#8221;tag:h2|font_size:1.5em|text_align:left|color:%23ffffff|line_height:1.3&#8243; use_theme_fonts=&#8221;yes&#8221; font_weight=&#8221;300&#8243; css=&#8221;.vc_custom_1683032979922{margin-right: 0px !important;margin-bottom: 0px !important;margin-left: 0px !important;padding-top: 5px !important;padding-right: 15px !important;padding-bottom: 5px !important;padding-left: 15px !important;background-color: #00856c !important;}&#8221;][vc_column_text css=&#8221;.vc_custom_1682665616144{margin-bottom: 30px !important;}&#8221; el_class=&#8221;mlh_contservicio&#8221;]Els comptes anuals tenen com a finalitat mostrar la situaci\u00f3 patrimonial i financera de les operacions de lempresa en un per\u00edode de temps determinat; el de finalitzaci\u00f3 de lexercici comptable.[\/vc_column_text][\/vc_column_inner][vc_column_inner width=&#8221;1\/2&#8243;][vc_custom_heading text=&#8221;Composici\u00f3&#8221; font_container=&#8221;tag:h2|font_size:1.5em|text_align:left|color:%23ffffff|line_height:1.3&#8243; use_theme_fonts=&#8221;yes&#8221; font_weight=&#8221;300&#8243; css=&#8221;.vc_custom_1683033037194{margin-right: 0px !important;margin-bottom: 0px !important;margin-left: 0px !important;padding-top: 5px !important;padding-right: 15px !important;padding-bottom: 5px !important;padding-left: 15px !important;background-color: #00856c !important;}&#8221;][vc_column_text css=&#8221;.vc_custom_1682666113191{margin-bottom: 25px !important;}&#8221; el_class=&#8221;mlh_contervicio_color&#8221;]<\/p>\n<ul>\n<li>Balan\u00e7.<\/li>\n<li>Compte de P\u00e8rdues i Guanys.<\/li>\n<li>Mem\u00f2ria.<\/li>\n<li>Estat de Canvis al Patrimoni Net.<\/li>\n<li>Estat de Fluxos d&#8217;Efectiu.<\/li>\n<li>Dip\u00f2sit al Registre Mercantil.<\/li>\n<\/ul>\n<p>&nbsp;[\/vc_column_text][\/vc_column_inner][vc_column_inner width=&#8221;1\/2&#8243;][vc_custom_heading text=&#8221;\u00c0rea Financera&#8221; font_container=&#8221;tag:h2|font_size:1.5em|text_align:left|color:%23ffffff|line_height:1.3&#8243; use_theme_fonts=&#8221;yes&#8221; font_weight=&#8221;300&#8243; css=&#8221;.vc_custom_1683032951211{margin-right: 0px !important;margin-bottom: 0px !important;margin-left: 0px !important;padding-top: 5px !important;padding-right: 15px !important;padding-bottom: 5px !important;padding-left: 15px !important;background-color: #00856c !important;}&#8221;][vc_column_text css=&#8221;.vc_custom_1682665539525{margin-bottom: 25px !important;}&#8221; el_class=&#8221;mlh_contervicio_color&#8221;]Adaptant-nos a les vostres necessitats oferim serveis d&#8217;Assessoria financera amb la finalitat de cobrir els aspectes rellevants en la gesti\u00f3 d&#8217;aquesta \u00e0rea.<\/p>\n<ul>\n<li>An\u00e0lisi de la situaci\u00f3 financera de lempresa.<\/li>\n<li>Estudis de viabilitat.<\/li>\n<li>Optimitzaci\u00f3 de costos.<\/li>\n<li>Gesti\u00f3 de liquiditat i del risc financer.<\/li>\n<li>Suport a la negociaci\u00f3 per a l&#8217;obtenci\u00f3 de l\u00ednies de cr\u00e8dit i descompte.<\/li>\n<\/ul>\n<p>[\/vc_column_text][\/vc_column_inner][\/vc_row_inner][\/vc_column][\/vc_row][vc_row][vc_column]<div class=\"porto-block\" data-id=\"520\"><style>.vc_custom_1682607516094{padding-top: 70px !important;padding-bottom: 70px !important;}.vc_custom_1682584878549{margin-bottom: 0px !important;}.vc_custom_1682497071360{margin-bottom: 15px !important;}.vc_custom_1682501956966{margin-top: 30px !important;}.wpb_custom_64877566a9dd96fdea2e8224a7178878.porto-sicon-box.top-icon{text-align: left;}.wpb_custom_ff19109fed945e250be776b70ec33f07.porto-sicon-box.top-icon{text-align: left;}.wpb_custom_64877566a9dd96fdea2e8224a7178878 .porto-sicon-title{font-weight:600;font-size:1.5em;text-transform:none;}.wpb_custom_64877566a9dd96fdea2e8224a7178878 .porto-sicon-header p{font-size:1em;text-transform:none;}.wpb_custom_64877566a9dd96fdea2e8224a7178878 .porto-sicon-description{font-weight:500;}.wpb_custom_ff19109fed945e250be776b70ec33f07 .porto-sicon-title{font-weight:600;font-size:1.5em;text-transform:none;}.wpb_custom_ff19109fed945e250be776b70ec33f07 .porto-sicon-header p{font-size:1em;text-transform:none;}<\/style>[vc_row full_width=\"stretch_row\" css=\".vc_custom_1682607516094{padding-top: 70px !important;padding-bottom: 70px !important;}\" conditional_render=\"%5B%7B%22value_role%22%3A%22administrator%22%7D%5D\"][vc_column][vc_custom_heading text=\"Qu\u00e8 fem\" font_container=\"tag:h2|font_size:1em|text_align:center|color:%23515151|line_height:1.3\" use_theme_fonts=\"yes\" text_transform=\"text-uppercase\" font_weight=\"500\" letter_spacing=\"5px\" css=\".vc_custom_1682584878549{margin-bottom: 0px !important;}\"][vc_custom_heading text=\"Serveis que oferim\" font_container=\"tag:h2|font_size:2em|text_align:center|line_height:1.3\" use_theme_fonts=\"yes\" css=\".vc_custom_1682497071360{margin-bottom: 15px !important;}\"][vc_row_inner animation_delay=\"300\" css=\".vc_custom_1682501956966{margin-top: 30px !important;}\"][vc_column_inner el_class=\"mlh_colservicio\" width=\"1\/4\" animation_delay=\"100\" animation_type=\"fadeInUp\"]<a aria-label=\"Assessoria Laboral\" class=\"porto-sicon-box-link\" href=\"https:\/\/alfet.es\/asesoria-laboral\/\" title='Servicios'><div class=\"porto-sicon-box svg-primary custom-icon-box custom-icon-box-1 overflow-hidden box-shadow-hover translate-top-10 rounded-2 position-relative  wpb_custom_64877566a9dd96fdea2e8224a7178878 style_1 top-icon\"><div class=\"porto-sicon-top\"><div class=\"porto-just-icon-wrapper porto-sicon-img  porto-icon-9f5d1cfb45d27d96b50bf473aebba227\" style=\"font-size: 80px;margin-bottom:26px;\"><img loading=\"lazy\" decoding=\"async\" class=\"img-icon\" alt=\"Laboral\" src=\"https:\/\/alfet.es\/wp-content\/uploads\/2023\/04\/laboral.png\" width=\"512\" height=\"512\" \/><\/div><\/div><div class=\"porto-sicon-header\"><h3 class=\"porto-sicon-title\" style=\"margin-bottom:10px;\">Assessoria Laboral<\/h3><p style=\"color:#333333;\">Tenim professionals que van incorporant la nova normativa i per poder oferir un tractament actual.<\/p><\/div> <!-- header --><div class=\"porto-sicon-description\" style=\"color:#333333;\">M\u00e9s informaci\u00f3<i class=\"fas fa-angle-right ms-1\"><\/i><\/div> <!-- description --><\/div><!-- porto-sicon-box --><\/a>[\/vc_column_inner][vc_column_inner el_class=\"mlh_colservicio\" width=\"1\/4\" animation_delay=\"300\" animation_type=\"fadeInUp\"]<a aria-label=\"Assessoria Fiscal\" class=\"porto-sicon-box-link\" href=\"https:\/\/alfet.es\/asesoria-fiscal\/\" title='Servicios'><div class=\"porto-sicon-box custom-icon-box position-relative custom-icon-box-3 overflow-hidden box-shadow-hover translate-top-10 rounded-2  wpb_custom_ff19109fed945e250be776b70ec33f07 style_1 top-icon\"><div class=\"porto-sicon-top\"><div class=\"porto-just-icon-wrapper porto-sicon-img  porto-icon-9f5d1cfb45d27d96b50bf473aebba227\" style=\"font-size: 80px;margin-bottom:26px;\"><img loading=\"lazy\" decoding=\"async\" class=\"img-icon\" alt=\"Fiscal\" src=\"https:\/\/alfet.es\/wp-content\/uploads\/2023\/04\/fiscal.png\" width=\"512\" height=\"512\" \/><\/div><\/div><div class=\"porto-sicon-header\"><h3 class=\"porto-sicon-title\" style=\"margin-bottom:10px;\">Assessoria Fiscal<\/h3><p style=\"color:#333333;\">Dediquem recursos humans i materials necessaris perqu\u00e8 les nostres actuacions siguin eficaces.<\/p><\/div> <!-- header --><div class=\"porto-sicon-description\" style=\"color:#333333;\">M\u00e9s informaci\u00f3<i class=\"fas fa-angle-right ms-1\"><\/i><\/div> <!-- description --><\/div><!-- porto-sicon-box --><\/a>[\/vc_column_inner][vc_column_inner el_class=\"mlh_colservicio\" width=\"1\/4\" animation_delay=\"600\" animation_type=\"fadeInUp\"]<a aria-label=\"Assessoria Comptable\" class=\"porto-sicon-box-link\" href=\"https:\/\/alfet.es\/asesoria-contable\/\" title='Servicios'><div class=\"porto-sicon-box custom-icon-box position-relative custom-icon-box-2 overflow-hidden box-shadow-hover translate-top-10 rounded-2  wpb_custom_ff19109fed945e250be776b70ec33f07 style_1 top-icon\"><div class=\"porto-sicon-top\"><div class=\"porto-just-icon-wrapper porto-sicon-img  porto-icon-9f5d1cfb45d27d96b50bf473aebba227\" style=\"font-size: 80px;margin-bottom:26px;\"><img loading=\"lazy\" decoding=\"async\" class=\"img-icon\" alt=\"Contable\" src=\"https:\/\/alfet.es\/wp-content\/uploads\/2023\/04\/contable.png\" width=\"512\" height=\"512\" \/><\/div><\/div><div class=\"porto-sicon-header\"><h3 class=\"porto-sicon-title\" style=\"margin-bottom:10px;\">Assessoria Comptable<\/h3><p style=\"color:#333333;\">Ens encarreguem d'analitzar i interpretar la informaci\u00f3 rellevant que us ajudar\u00e0 en la presa de decisions.<\/p><\/div> <!-- header --><div class=\"porto-sicon-description\" style=\"color:#333333;\">M\u00e9s informaci\u00f3<i class=\"fas fa-angle-right ms-1\"><\/i><\/div> <!-- description --><\/div><!-- porto-sicon-box --><\/a>[\/vc_column_inner][vc_column_inner el_class=\"mlh_colservicio\" width=\"1\/4\" animation_delay=\"800\" animation_type=\"fadeInUp\"]<a aria-label=\"Assessoria Jur\u00eddica\" class=\"porto-sicon-box-link\" href=\"https:\/\/alfet.es\/asesoria-juridica\/\" title='Servicios'><div class=\"porto-sicon-box custom-icon-box position-relative custom-icon-box-3 overflow-hidden box-shadow-hover translate-top-10 rounded-2  wpb_custom_ff19109fed945e250be776b70ec33f07 style_1 top-icon\"><div class=\"porto-sicon-top\"><div class=\"porto-just-icon-wrapper porto-sicon-img  porto-icon-9f5d1cfb45d27d96b50bf473aebba227\" style=\"font-size: 80px;margin-bottom:26px;\"><img loading=\"lazy\" decoding=\"async\" class=\"img-icon\" alt=\"Jur\u00eddica\" src=\"https:\/\/alfet.es\/wp-content\/uploads\/2023\/04\/juridica.png\" width=\"512\" height=\"512\" \/><\/div><\/div><div class=\"porto-sicon-header\"><h3 class=\"porto-sicon-title\" style=\"margin-bottom:10px;\">Assessoria Jur\u00eddica<\/h3><p style=\"color:#333333;\">Tenim advocats i economistes que ofereixen assessorament d'\u00e0mbit empresarial i personal.<\/p><\/div> <!-- header --><div class=\"porto-sicon-description\" style=\"color:#333333;\">M\u00e9s informaci\u00f3<i class=\"fas fa-angle-right ms-1\"><\/i><\/div> <!-- description --><\/div><!-- porto-sicon-box --><\/a>[\/vc_column_inner][\/vc_row_inner][\/vc_column][\/vc_row]<\/div>[\/vc_column][\/vc_row]<\/p>\n<\/div>","protected":false},"excerpt":{"rendered":"<p>[vc_row full_width=&#8221;stretch_row&#8221; el_id=&#8221;assessoria-comptable&#8221; conditional_render=&#8221;%5B%7B%22value_role%22%3A%22administrator%22%7D%5D&#8221; css=&#8221;.vc_custom_1682594429828{padding-top: 50px !important;padding-bottom: 50px !important;}&#8221;][vc_column][vc_column_text]Com a assessoria comptable a Badalona sabem que perqu\u00e8 la comptabilitat sigui l&#8217;instrument de control i gesti\u00f3 tant de particulars com d&#8217;empresa, cal comptar amb professionals que s&#8217;encarreguen d&#8217;analitzar i interpretar la informaci\u00f3 rellevant que us ajudar\u00e0 en la presa de decisions.[\/vc_column_text][vc_row_inner css=&#8221;.vc_custom_1682671578195{margin-top: 30px !important;}&#8221; el_class=&#8221;mlh_globalbox asesoria-mini&#8221;][vc_column_inner [&hellip;]<\/p>\n","protected":false},"author":1,"featured_media":0,"parent":0,"menu_order":0,"comment_status":"closed","ping_status":"closed","template":"","meta":{"_seopress_robots_primary_cat":"","_seopress_titles_title":"Assessoria Contable - Alfet, Assessoria a Badalona","_seopress_titles_desc":"Alfet assessoria comptable a Badalona que ofereix serveis integrals tant a empreses com a particulars i petits aut\u00f2noms en \u00e0rees com la fiscal, laboral, comptable i jur\u00eddica. A m\u00e9s, tamb\u00e9 ofereixen altres serveis com ladministraci\u00f3 de finques. El seu objectiu \u00e9s la satisfacci\u00f3 del client i per aix\u00f2 ofereixen un tracte personalitzat.","_seopress_robots_index":"","footnotes":""},"class_list":["post-504","page","type-page","status-publish","hentry"],"_links":{"self":[{"href":"https:\/\/alfet.es\/ca\/wp-json\/wp\/v2\/pages\/504","targetHints":{"allow":["GET"]}}],"collection":[{"href":"https:\/\/alfet.es\/ca\/wp-json\/wp\/v2\/pages"}],"about":[{"href":"https:\/\/alfet.es\/ca\/wp-json\/wp\/v2\/types\/page"}],"author":[{"embeddable":true,"href":"https:\/\/alfet.es\/ca\/wp-json\/wp\/v2\/users\/1"}],"replies":[{"embeddable":true,"href":"https:\/\/alfet.es\/ca\/wp-json\/wp\/v2\/comments?post=504"}],"version-history":[{"count":2,"href":"https:\/\/alfet.es\/ca\/wp-json\/wp\/v2\/pages\/504\/revisions"}],"predecessor-version":[{"id":587,"href":"https:\/\/alfet.es\/ca\/wp-json\/wp\/v2\/pages\/504\/revisions\/587"}],"wp:attachment":[{"href":"https:\/\/alfet.es\/ca\/wp-json\/wp\/v2\/media?parent=504"}],"curies":[{"name":"wp","href":"https:\/\/api.w.org\/{rel}","templated":true}]}}